{"id":4242,"date":"2017-08-31T09:05:19","date_gmt":"2017-08-31T09:05:19","guid":{"rendered":"http:\/\/www.doubledecker.ch\/?page_id=4242\/"},"modified":"2023-01-26T18:21:31","modified_gmt":"2023-01-26T17:21:31","slug":"extras","status":"publish","type":"page","link":"https:\/\/www.doubledecker.ch\/de\/extras\/","title":{"rendered":"EXTRAS"},"content":{"rendered":"<div style='padding-bottom:10px; font-size:40px;' class='av-special-heading av-special-heading-h2  blockquote modern-quote modern-centered   av-inherit-size '><h2 class='av-special-heading-tag '  itemprop=\"headline\"  >COVID SCHUTZKONZEPT<\/h2><div class='special-heading-border'><div class='special-heading-inner-border' ><\/div><\/div><\/div>\n<div style='height:1px; margin-top:-50px'  class='hr hr-invisible  '><span class='hr-inner ' ><span class='hr-inner-style'><\/span><\/span><\/div>\n<\/div><\/div><\/div><!-- close content main div --><\/div><\/div><div id='hc' class='avia-section main_color avia-section-default avia-no-shadow avia-bg-style-scroll   container_wrap fullsize' style = 'background-image: '  ><div class='container' ><div class='template-page content  av-content-full alpha units'><div class='post-entry post-entry-type-page post-entry-4242'><div class='entry-content-wrapper clearfix'>\n<div class=\"flex_column av_one_full  flex_column_div av-zero-column-padding first  \" style='border-radius:0px; '><section class=\"av_textblock_section \"  itemscope=\"itemscope\" itemtype=\"https:\/\/schema.org\/CreativeWork\" ><div class='avia_textblock  '  style='font-size:16px; '  itemprop=\"text\" ><p>Die Gesundheit der Kinder, der Eltern, der ganzen Familie und nat\u00fcrlich auch die der Lehrer*innen ist uns sehr wichtig. Deshalb folgen wir stets den aktuell g\u00fcltigen Empfehlungen und Vorgaben des <span style=\"color: #3366ff;\"><strong><a style=\"color: #3366ff;\" href=\"https:\/\/www.bag.admin.ch\/bag\/de\/home\/krankheiten\/ausbrueche-epidemien-pandemien\/aktuelle-ausbrueche-epidemien\/novel-cov.html\" target=\"_blank\" rel=\"noopener\">BAG<\/a><\/strong><\/span> (Bundesamtes f\u00fcr Gesundheit) und der <span style=\"color: #3366ff;\"><strong><a style=\"color: #3366ff;\" href=\"https:\/\/www.kibesuisse.ch\" target=\"_blank\" rel=\"noopener\">Kibe Swiss<\/a><\/strong><\/span> (Verband Kinderbetreuung Schweiz).<\/p>\n<\/div><\/section><\/div>\n\n<\/div><\/div><\/div><!-- close content main div --><\/div><\/div><div id='av_section_2' class='avia-section main_color avia-section-default avia-no-shadow avia-bg-style-scroll   container_wrap fullsize' style = 'background-image: '  ><div class='container' ><div class='template-page content  av-content-full alpha units'><div class='post-entry post-entry-type-page post-entry-4242'><div class='entry-content-wrapper clearfix'>\n<div class='flex_column_table av-equal-height-column-flextable -flextable' style='margin-top:1px; margin-bottom:5px; '><div class=\"flex_column av_one_fifth  no_margin flex_column_table_cell av-equal-height-column av-align-top first  \" style='padding:4px; border-radius:0px; '><\/div><\/div><!--close column table wrapper. Autoclose: 1 --><div class='flex_column_table av-equal-height-column-flextable -flextable' style='margin-top:1px; margin-bottom:5px; '><div class=\"flex_column av_one_fifth  no_margin flex_column_table_cell av-equal-height-column av-align-top   \" style='padding:4px; border-radius:0px; '><div class='avia-image-container  av-styling-no-styling  noHover  av-overlay-on-hover   avia-align-center '  itemprop=\"ImageObject\" itemscope=\"itemscope\" itemtype=\"https:\/\/schema.org\/ImageObject\"  ><div class='avia-image-container-inner'><div class='avia-image-overlay-wrap'><a href='https:\/\/doubledecker.ch\/de\/unsere-schule\/#forest' class='avia_image'  ><div class='av-image-caption-overlay'><div class='av-caption-image-overlay-bg' style='opacity:1; background-color:#012246; '><\/div><div class='av-image-caption-overlay-position'><div class='av-image-caption-overlay-center' style='color:#ffffff; font-size:10px; '><p>In der Waldschule f\u00f6rdern wir unteranderem das Selbstvertrauen der Kinder, ihre Kreativit\u00e4t, ihr kritisches Denken und ihre motorischen F\u00e4higkeiten. &gt;&gt;&gt;<\/p>\n<\/div><\/div><\/div><img class='avia_image ' src='https:\/\/www.doubledecker.ch\/wp-content\/uploads\/2021\/12\/Waldschule06.jpg' alt='' title='Waldschule06'  itemprop=\"thumbnailUrl\"  \/><\/a><\/div><\/div><\/div><\/div><\/div><!--close column table wrapper. Autoclose: 1 --><div class='flex_column_table av-equal-height-column-flextable -flextable' style='margin-top:1px; margin-bottom:5px; '><div class=\"flex_column av_one_fifth  no_margin flex_column_table_cell av-equal-height-column av-align-top   \" style='padding:4px; border-radius:0px; '><p><div class='avia-image-container  av-styling-no-styling  noHover  av-overlay-on-hover   avia-align-center '  itemprop=\"ImageObject\" itemscope=\"itemscope\" itemtype=\"https:\/\/schema.org\/ImageObject\"  ><div class='avia-image-container-inner'><div class='avia-image-overlay-wrap'><a href='http:\/\/www.doubledecker.ch\/de\/unsere-schule\/#preschool' class='avia_image'  ><div class='av-image-caption-overlay'><div class='av-caption-image-overlay-bg' style='opacity:1; background-color:#cb1c67; '><\/div><div class='av-image-caption-overlay-position'><div class='av-image-caption-overlay-center' style='color:#ffffff; font-size:10px; '><p>Wir f\u00f6rdern das Selbstwertgef\u00fchl, die Ausdrucksf\u00e4higkeit und Selbst\u00e4ndigkeit der Kinder f\u00fcr eine solide Grundlage. &gt;&gt;&gt;<\/p>\n<\/div><\/div><\/div><img class='avia_image ' src='https:\/\/www.doubledecker.ch\/wp-content\/uploads\/2018\/06\/Button-D_Kinderkrippe_01.png' alt='' title='Button-D_Kinderkrippe_01'  itemprop=\"thumbnailUrl\"  \/><\/a><\/div><\/div><\/div><br \/>\n<div class='avia-image-container  av-styling-no-styling  noHover  av-overlay-on-hover   avia-align-center '  itemprop=\"ImageObject\" itemscope=\"itemscope\" itemtype=\"https:\/\/schema.org\/ImageObject\"  ><div class='avia-image-container-inner'><div class='avia-image-overlay-wrap'><a href='http:\/\/www.doubledecker.ch\/de\/unsere-schule\/#admission' class='avia_image'  ><div class='av-image-caption-overlay'><div class='av-caption-image-overlay-bg' style='opacity:1; background-color:#9cbc40; '><\/div><div class='av-image-caption-overlay-position'><div class='av-image-caption-overlay-center' style='color:#ffffff; font-size:10px; '><p>Mehr Informationen zur Anmeldung und Anmeldeformular. &gt;&gt;&gt;<\/p>\n<\/div><\/div><\/div><img class='avia_image ' src='https:\/\/www.doubledecker.ch\/wp-content\/uploads\/2021\/12\/Info-Anmeldung-1.png' alt='' title='Info-Anmeldung'  itemprop=\"thumbnailUrl\"  \/><\/a><\/div><\/div><\/div><\/p><\/div><\/div><!--close column table wrapper. Autoclose: 1 --><div class='flex_column_table av-equal-height-column-flextable -flextable' style='margin-top:1px; margin-bottom:5px; '><div class=\"flex_column av_one_fifth  no_margin flex_column_table_cell av-equal-height-column av-align-top   \" style='padding:4px; border-radius:0px; '><p><div class='avia-image-container  av-styling-no-styling  noHover  av-overlay-on-hover   avia-align-center '  itemprop=\"ImageObject\" itemscope=\"itemscope\" itemtype=\"https:\/\/schema.org\/ImageObject\"  ><div class='avia-image-container-inner'><div class='avia-image-overlay-wrap'><a href='http:\/\/www.doubledecker.ch\/de\/#media' class='avia_image'  ><div class='av-image-caption-overlay'><div class='av-caption-image-overlay-bg' style='opacity:1; background-color:#012246; '><\/div><div class='av-image-caption-overlay-position'><div class='av-image-caption-overlay-center' style='color:#ffffff; font-size:10px; '><p>\u00dcber Double Decker wird immer wieder in Publikationen wie beispielsweise im \u00abOxbridge Guide\u00bb berichtet. &gt;&gt;&gt;<\/p>\n<\/div><\/div><\/div><img class='avia_image ' src='https:\/\/www.doubledecker.ch\/wp-content\/uploads\/2023\/01\/DD_Media_DE.png' alt='' title='DD_Media_DE'  itemprop=\"thumbnailUrl\"  \/><\/a><\/div><\/div><\/div><br \/>\n<div class='avia-image-container  av-styling-no-styling  noHover  av-overlay-on-hover   avia-align-center '  itemprop=\"ImageObject\" itemscope=\"itemscope\" itemtype=\"https:\/\/schema.org\/ImageObject\"  ><div class='avia-image-container-inner'><div class='avia-image-overlay-wrap'><a href='http:\/\/www.doubledecker.ch\/de\/unsere-schule\/#preschool' class='avia_image'  ><div class='av-image-caption-overlay'><div class='av-caption-image-overlay-bg' style='opacity:1; background-color:#cb1c67; '><\/div><div class='av-image-caption-overlay-position'><div class='av-image-caption-overlay-center' style='color:#ffffff; font-size:10px; '><p>Wir f\u00f6rdern das Selbstwertgef\u00fchl, die Ausdrucksf\u00e4higkeit und Selbst\u00e4ndigkeit der Kinder f\u00fcr eine solide Grundlage. &gt;&gt;&gt;<\/p>\n<\/div><\/div><\/div><img class='avia_image ' src='https:\/\/www.doubledecker.ch\/wp-content\/uploads\/2018\/06\/Button-D_Vorschule_02.png' alt='' title='Button-D_Vorschule_02'  itemprop=\"thumbnailUrl\"  \/><\/a><\/div><\/div><\/div><\/p><\/div><\/div><!--close column table wrapper. Autoclose: 1 --><div class='flex_column_table av-equal-height-column-flextable -flextable' style='margin-top:1px; margin-bottom:5px; '><div class=\"flex_column av_one_fifth  no_margin flex_column_table_cell av-equal-height-column av-align-top   \" style='padding:4px; border-radius:0px; '><p><div class='avia-image-container  av-styling-no-styling  noHover  av-overlay-on-hover   avia-align-center '  itemprop=\"ImageObject\" itemscope=\"itemscope\" itemtype=\"https:\/\/schema.org\/ImageObject\"  ><div class='avia-image-container-inner'><div class='avia-image-overlay-wrap'><a href='https:\/\/doubledecker.ch\/de\/unsere-schule\/#yoga' class='avia_image'  ><div class='av-image-caption-overlay'><div class='av-caption-image-overlay-bg' style='opacity:1; background-color:#cb1c67; '><\/div><div class='av-image-caption-overlay-position'><div class='av-image-caption-overlay-center' style='color:#ffffff; font-size:10px; '><p>Yoga fokussiert auch den Geist der Kinder, st\u00e4rkt ihren K\u00f6rper und hilft beides zu harmonisieren. &gt;&gt;&gt;<\/p>\n<\/div><\/div><\/div><img class='avia_image ' src='https:\/\/www.doubledecker.ch\/wp-content\/uploads\/2018\/06\/Button-D_Yoga_03.png' alt='' title='Button-D_Yoga_03'  itemprop=\"thumbnailUrl\"  \/><\/a><\/div><\/div><\/div><br \/>\n<div class='avia-image-container  av-styling-no-styling  noHover  av-overlay-on-hover   avia-align-center '  itemprop=\"ImageObject\" itemscope=\"itemscope\" itemtype=\"https:\/\/schema.org\/ImageObject\"  ><div class='avia-image-container-inner'><div class='avia-image-overlay-wrap'><a href='http:\/\/www.doubledecker.ch\/de\/unsere-schule\/#bilingual' class='avia_image'  ><div class='av-image-caption-overlay'><div class='av-caption-image-overlay-bg' style='opacity:1; background-color:#cb1c67; '><\/div><div class='av-image-caption-overlay-position'><div class='av-image-caption-overlay-center' style='color:#ffffff; font-size:10px; '><p>Kinder k\u00f6nnen mehrere Sprachen gleichzeitig aufzunehmen. &gt;&gt;&gt;<\/p>\n<\/div><\/div><\/div><img class='avia_image ' src='https:\/\/www.doubledecker.ch\/wp-content\/uploads\/2017\/12\/Button-D_ZweisprachigesLernen_03a.png' alt='' title='Button-D_ZweisprachigesLernen_03a'  itemprop=\"thumbnailUrl\"  \/><\/a><\/div><\/div><\/div><\/p><\/div><\/div><!--close column table wrapper. Autoclose: 1 -->\n","protected":false},"excerpt":{"rendered":"","protected":false},"author":1,"featured_media":0,"parent":0,"menu_order":0,"comment_status":"closed","ping_status":"closed","template":"","meta":{"_monsterinsights_skip_tracking":false,"footnotes":""},"class_list":["post-4242","page","type-page","status-publish","hentry"],"yoast_head":"<!-- This site is optimized with the Yoast SEO plugin v28.4 - https:\/\/yoast.com\/product\/yoast-seo-wordpress\/ -->\n<title>EXTRAS &#8211; Double Decker<\/title>\n<meta name=\"robots\" content=\"index, follow, max-snippet:-1, max-image-preview:large, max-video-preview:-1\" \/>\n<link rel=\"canonical\" href=\"https:\/\/www.doubledecker.ch\/de\/extras\/\" \/>\n<meta property=\"og:locale\" content=\"de_DE\" \/>\n<meta property=\"og:type\" content=\"article\" \/>\n<meta property=\"og:title\" content=\"EXTRAS &#8211; Double Decker\" \/>\n<meta property=\"og:url\" content=\"https:\/\/www.doubledecker.ch\/de\/extras\/\" \/>\n<meta property=\"og:site_name\" content=\"Double Decker\" \/>\n<meta property=\"article:modified_time\" content=\"2023-01-26T17:21:31+00:00\" \/>\n<meta name=\"twitter:card\" content=\"summary_large_image\" \/>\n<meta name=\"twitter:label1\" content=\"Gesch\u00e4tzte Lesezeit\" \/>\n\t<meta name=\"twitter:data1\" content=\"7\u00a0Minuten\" \/>\n<script type=\"application\/ld+json\" class=\"yoast-schema-graph\">{\"@context\":\"https:\\\/\\\/schema.org\",\"@graph\":[{\"@type\":\"WebPage\",\"@id\":\"https:\\\/\\\/www.doubledecker.ch\\\/de\\\/extras\\\/\",\"url\":\"https:\\\/\\\/www.doubledecker.ch\\\/de\\\/extras\\\/\",\"name\":\"EXTRAS &#8211; Double Decker\",\"isPartOf\":{\"@id\":\"https:\\\/\\\/www.doubledecker.ch\\\/de\\\/#website\"},\"datePublished\":\"2017-08-31T09:05:19+00:00\",\"dateModified\":\"2023-01-26T17:21:31+00:00\",\"breadcrumb\":{\"@id\":\"https:\\\/\\\/www.doubledecker.ch\\\/de\\\/extras\\\/#breadcrumb\"},\"inLanguage\":\"de\",\"potentialAction\":[{\"@type\":\"ReadAction\",\"target\":[\"https:\\\/\\\/www.doubledecker.ch\\\/de\\\/extras\\\/\"]}]},{\"@type\":\"BreadcrumbList\",\"@id\":\"https:\\\/\\\/www.doubledecker.ch\\\/de\\\/extras\\\/#breadcrumb\",\"itemListElement\":[{\"@type\":\"ListItem\",\"position\":1,\"name\":\"Home\",\"item\":\"https:\\\/\\\/www.doubledecker.ch\\\/de\\\/\"},{\"@type\":\"ListItem\",\"position\":2,\"name\":\"EXTRAS\"}]},{\"@type\":\"WebSite\",\"@id\":\"https:\\\/\\\/www.doubledecker.ch\\\/de\\\/#website\",\"url\":\"https:\\\/\\\/www.doubledecker.ch\\\/de\\\/\",\"name\":\"Double Decker\",\"description\":\"Zweisprachige Vorschule\",\"publisher\":{\"@id\":\"https:\\\/\\\/www.doubledecker.ch\\\/de\\\/#organization\"},\"potentialAction\":[{\"@type\":\"SearchAction\",\"target\":{\"@type\":\"EntryPoint\",\"urlTemplate\":\"https:\\\/\\\/www.doubledecker.ch\\\/de\\\/?s={search_term_string}\"},\"query-input\":{\"@type\":\"PropertyValueSpecification\",\"valueRequired\":true,\"valueName\":\"search_term_string\"}}],\"inLanguage\":\"de\"},{\"@type\":\"Organization\",\"@id\":\"https:\\\/\\\/www.doubledecker.ch\\\/de\\\/#organization\",\"name\":\"Double Decker Bilingual Preschool and Kindergarten\",\"url\":\"https:\\\/\\\/www.doubledecker.ch\\\/de\\\/\",\"logo\":{\"@type\":\"ImageObject\",\"inLanguage\":\"de\",\"@id\":\"https:\\\/\\\/www.doubledecker.ch\\\/de\\\/#\\\/schema\\\/logo\\\/image\\\/\",\"url\":\"https:\\\/\\\/www.doubledecker.ch\\\/wp-content\\\/uploads\\\/2017\\\/02\\\/DD-Bus.png\",\"contentUrl\":\"https:\\\/\\\/www.doubledecker.ch\\\/wp-content\\\/uploads\\\/2017\\\/02\\\/DD-Bus.png\",\"width\":300,\"height\":178,\"caption\":\"Double Decker Bilingual Preschool and Kindergarten\"},\"image\":{\"@id\":\"https:\\\/\\\/www.doubledecker.ch\\\/de\\\/#\\\/schema\\\/logo\\\/image\\\/\"},\"sameAs\":[\"https:\\\/\\\/www.instagram.com\\\/doubledeckerpreschool\\\/\"]}]}<\/script>\n<!-- \/ Yoast SEO plugin. -->","yoast_head_json":{"title":"EXTRAS &#8211; Double Decker","robots":{"index":"index","follow":"follow","max-snippet":"max-snippet:-1","max-image-preview":"max-image-preview:large","max-video-preview":"max-video-preview:-1"},"canonical":"https:\/\/www.doubledecker.ch\/de\/extras\/","og_locale":"de_DE","og_type":"article","og_title":"EXTRAS &#8211; Double Decker","og_url":"https:\/\/www.doubledecker.ch\/de\/extras\/","og_site_name":"Double Decker","article_modified_time":"2023-01-26T17:21:31+00:00","twitter_card":"summary_large_image","twitter_misc":{"Gesch\u00e4tzte Lesezeit":"7\u00a0Minuten"},"schema":{"@context":"https:\/\/schema.org","@graph":[{"@type":"WebPage","@id":"https:\/\/www.doubledecker.ch\/de\/extras\/","url":"https:\/\/www.doubledecker.ch\/de\/extras\/","name":"EXTRAS &#8211; Double Decker","isPartOf":{"@id":"https:\/\/www.doubledecker.ch\/de\/#website"},"datePublished":"2017-08-31T09:05:19+00:00","dateModified":"2023-01-26T17:21:31+00:00","breadcrumb":{"@id":"https:\/\/www.doubledecker.ch\/de\/extras\/#breadcrumb"},"inLanguage":"de","potentialAction":[{"@type":"ReadAction","target":["https:\/\/www.doubledecker.ch\/de\/extras\/"]}]},{"@type":"BreadcrumbList","@id":"https:\/\/www.doubledecker.ch\/de\/extras\/#breadcrumb","itemListElement":[{"@type":"ListItem","position":1,"name":"Home","item":"https:\/\/www.doubledecker.ch\/de\/"},{"@type":"ListItem","position":2,"name":"EXTRAS"}]},{"@type":"WebSite","@id":"https:\/\/www.doubledecker.ch\/de\/#website","url":"https:\/\/www.doubledecker.ch\/de\/","name":"Double Decker","description":"Zweisprachige Vorschule","publisher":{"@id":"https:\/\/www.doubledecker.ch\/de\/#organization"},"potentialAction":[{"@type":"SearchAction","target":{"@type":"EntryPoint","urlTemplate":"https:\/\/www.doubledecker.ch\/de\/?s={search_term_string}"},"query-input":{"@type":"PropertyValueSpecification","valueRequired":true,"valueName":"search_term_string"}}],"inLanguage":"de"},{"@type":"Organization","@id":"https:\/\/www.doubledecker.ch\/de\/#organization","name":"Double Decker Bilingual Preschool and Kindergarten","url":"https:\/\/www.doubledecker.ch\/de\/","logo":{"@type":"ImageObject","inLanguage":"de","@id":"https:\/\/www.doubledecker.ch\/de\/#\/schema\/logo\/image\/","url":"https:\/\/www.doubledecker.ch\/wp-content\/uploads\/2017\/02\/DD-Bus.png","contentUrl":"https:\/\/www.doubledecker.ch\/wp-content\/uploads\/2017\/02\/DD-Bus.png","width":300,"height":178,"caption":"Double Decker Bilingual Preschool and Kindergarten"},"image":{"@id":"https:\/\/www.doubledecker.ch\/de\/#\/schema\/logo\/image\/"},"sameAs":["https:\/\/www.instagram.com\/doubledeckerpreschool\/"]}]}},"_links":{"self":[{"href":"https:\/\/www.doubledecker.ch\/de\/wp-json\/wp\/v2\/pages\/4242","targetHints":{"allow":["GET"]}}],"collection":[{"href":"https:\/\/www.doubledecker.ch\/de\/wp-json\/wp\/v2\/pages"}],"about":[{"href":"https:\/\/www.doubledecker.ch\/de\/wp-json\/wp\/v2\/types\/page"}],"author":[{"embeddable":true,"href":"https:\/\/www.doubledecker.ch\/de\/wp-json\/wp\/v2\/users\/1"}],"replies":[{"embeddable":true,"href":"https:\/\/www.doubledecker.ch\/de\/wp-json\/wp\/v2\/comments?post=4242"}],"version-history":[{"count":105,"href":"https:\/\/www.doubledecker.ch\/de\/wp-json\/wp\/v2\/pages\/4242\/revisions"}],"predecessor-version":[{"id":9251,"href":"https:\/\/www.doubledecker.ch\/de\/wp-json\/wp\/v2\/pages\/4242\/revisions\/9251"}],"wp:attachment":[{"href":"https:\/\/www.doubledecker.ch\/de\/wp-json\/wp\/v2\/media?parent=4242"}],"curies":[{"name":"wp","href":"https:\/\/api.w.org\/{rel}","templated":true}]}}